{"id":1730,"date":"2016-11-22T12:20:06","date_gmt":"2016-11-22T11:20:06","guid":{"rendered":"https:\/\/cirkuseros.wordpress.com\/?page_id=1730"},"modified":"2017-02-04T05:21:58","modified_gmt":"2017-02-04T04:21:58","slug":"frageladan-fraga-svar-26","status":"publish","type":"page","link":"https:\/\/www.cirkuseros.nu\/index.php\/text\/frageladan\/frageladan-fraga-svar-26\/","title":{"rendered":"Fr\u00e5gel\u00e5dan &#8211; fr\u00e5ga &#038; svar:"},"content":{"rendered":"<p><img decoding=\"async\" loading=\"lazy\" src=\"https:\/\/i0.wp.com\/www.cirkuseros.nu\/app\/uploads\/2017\/01\/heartline_584.gif?resize=584%2C20&#038;ssl=1\" alt=\"Heartline\" data-recalc-dims=\"1\" \/><br \/>\n<span style=\"color: #800000;\"><strong><span style=\"font-family: Verdana, Geneva, Arial, Helvetica, Sans serif; font-size: large;\">Hj\u00e4lp! Jag har h\u00e5r p\u00e5 kuken!<\/span><\/strong><\/span><br \/>\n<img decoding=\"async\" loading=\"lazy\" src=\"https:\/\/i1.wp.com\/www.cirkuseros.nu\/app\/uploads\/2016\/11\/tunnlinjeoriginal_584.gif?resize=584%2C8&#038;ssl=1\" alt=\"linje\" data-recalc-dims=\"1\" \/><br \/>\n<span style=\"font-family: AGaramond, Garamond, Jenson, serif; font-size: x-large;\"><strong>Fr\u00e5ga:<\/strong><\/span><br \/>\nF\u00f6rst och fr\u00e4mst vill jag tacka er f\u00f6r att ni finns!!<\/p>\n<p>Jag \u00e4r en kille p\u00e5 19 \u00e5r, och jag har haft ett j\u00e4ttestort problem i snart 2 \u00e5r. Det \u00e4r n\u00e4mligen s\u00e5 att n\u00e4r jag i 17 \u00e5rs \u00e5lder uppt\u00e4ckte att jag b\u00f6rjade f\u00e5 h\u00e5r runt penisskaftet blev jag orolig och b\u00f6rjade genast att raka bort det, vilket var ett STORT MISSTAG!! H\u00e5rv\u00e4xten blev gr\u00f6vre och h\u00e5ret spred sig mer och mer upp mot ollonet. Varje g\u00e5ng jag rakar f\u00e5r jag dessutom s\u00e5r runt min penis. Jag har inte v\u00e5gat ha sex n\u00e4r jag f\u00e5tt tillf\u00e4lle p\u00e5 grund av detta problem.<\/p>\n<p>Jag l\u00e4ste er artikel om &#8221;Intimrakning&#8221;, och p\u00e5 n\u00e5got st\u00e4lle n\u00e4mnde du att du h\u00f6ll p\u00e5 med en laserbehandling (permanent h\u00e5rborttagning).<br \/>\nD\u00e5 t\u00e4nkte jag att detta skulle vara min r\u00e4ddning. Jag har t\u00e4nkt p\u00e5 laserbehandling tidigare men har varit r\u00e4dd f\u00f6r att utf\u00f6ra det med tanke p\u00e5 att det g\u00e4ller min penis och att ingen annan hade gjort det.<\/p>\n<p>Jag skulle bli v\u00e4rldens lyckligaste grabb om du gav mig mer information om detta. Om hur du gjorde det, vart du gjorde det och hur mycket det kostade.<br \/>\nBlir oerh\u00f6rt tacksam om du h\u00f6r av dig snarast!!!<\/p>\n<p>Tack p\u00e5 f\u00f6rhand<\/p>\n<p>F\u00f6rhoppningsfull kille<br \/>\n<img decoding=\"async\" loading=\"lazy\" src=\"https:\/\/i1.wp.com\/www.cirkuseros.nu\/app\/uploads\/2016\/11\/tunnlinjeoriginal_584.gif?resize=584%2C8&#038;ssl=1\" alt=\"linje\" data-recalc-dims=\"1\" \/><br \/>\n<span style=\"font-family: AGaramond, Garamond, Jenson, serif; font-size: x-large;\"><strong>Svar:<\/strong><\/span><br \/>\nF\u00f6r det f\u00f6rsta tror jag inte att det var rakningen som gav upphov till din beh\u00e5ring. Den hade nog kommit upp \u00e4nd\u00e5. Sen tror jag ocks\u00e5 att eftersom de kroppsideal vi f\u00e5r till oss via media \u00e4r v\u00e4ldigt enkelsp\u00e5riga, s\u00e5 tror vi att mindre &#8221;avvikelser fr\u00e5n normen&#8221; \u00e4r v\u00e4rre \u00e4n de egentligen \u00e4r.<\/p>\n<p>Vad g\u00e4ller den laserbehandling som vi fick, s\u00e5 var det tyv\u00e4rr s\u00e5 olyckligt att han som drev den verksamheten i Sverige gick och dog f\u00f6r flera \u00e5r sedan, och vi har ingen aning om hur det gick sen.<\/p>\n<p>Jag f\u00f6resl\u00e5r att du helt enkelt kollar upp vilka alternativ som finns &#8211; det finns specialister p\u00e5 h\u00e5rborttagning, som helt enkelt d\u00f6dar h\u00e5rs\u00e4ckarna p\u00e5 de st\u00e4llen man inte vill ha h\u00e5rv\u00e4xt. \u00c5terkommande vaxning kan ocks\u00e5 tunna ut h\u00e5rv\u00e4xten, mer och mer f\u00f6r varje g\u00e5ng.<\/p>\n<p>Jag f\u00f6rst\u00e5r om det kan k\u00e4nnas besv\u00e4rligt att det \u00e4r just P\u00c5 kuken, att det kan k\u00e4nnas pinsamt och jobbigt, samt att det d\u00e4rtill kan kosta en del pengar, samt att sj\u00e4lva behandlingen eventuellt kan vara en smula sm\u00e4rtsam. Tyv\u00e4rr \u00e4r v\u00e4rlden or\u00e4ttvis, och &#8221;vill man vara fin f\u00e5r man lida pin&#8221;, som de s\u00e4ger.<\/p>\n<p>Som liten tr\u00f6st kan jag n\u00e4mna att det faktiskt inte finns n\u00e5gra &#8221;perfekta&#8221; m\u00e4nniskor, och att vi alla har v\u00e5ra fel och brister som vi f\u00f6rs\u00f6ker kompensera p\u00e5 ett eller annat s\u00e4tt. Kosmetisk kirurgi \u00e4r Big Business, och b\u00e5de m\u00e4n och kvinnor l\u00e4gger tiotusentals kronor p\u00e5 att &#8221;fixa&#8221; s\u00e5dant de inte tycker duger. Du f\u00e5r prioritera vad du tycker \u00e4r viktigt, helt enkelt.<\/p>\n<p><img decoding=\"async\" loading=\"lazy\" src=\"https:\/\/i1.wp.com\/www.cirkuseros.nu\/app\/uploads\/2016\/11\/tunnlinjeoriginal_584.gif?resize=584%2C8&#038;ssl=1\" alt=\"linje\" data-recalc-dims=\"1\" \/><br \/>\n<strong><a href=\"https:\/\/www.cirkuseros.nu\/index.php\/text\/frageladan\/\">Tillbaka till Fr\u00e5gel\u00e5dan \u00bb<\/a><\/strong><\/p>\n<p><img decoding=\"async\" loading=\"lazy\" src=\"https:\/\/i0.wp.com\/www.cirkuseros.nu\/app\/uploads\/2017\/01\/heartline_584.gif?resize=584%2C20&#038;ssl=1\" alt=\"Heartline\" data-recalc-dims=\"1\" \/><\/p>\n<p><img decoding=\"async\" loading=\"lazy\" src=\"https:\/\/i2.wp.com\/www.cirkuseros.nu\/app\/uploads\/2016\/10\/fri_kursbanner_ani.gif?resize=584%2C140&#038;ssl=1\" alt=\"Cirkus Eros - erotik f\u00f6r finsmakare\" data-recalc-dims=\"1\" \/><\/p>\n","protected":false},"excerpt":{"rendered":"<p>Hj\u00e4lp! Jag har h\u00e5r p\u00e5 kuken! Fr\u00e5ga: F\u00f6rst och fr\u00e4mst vill jag tacka er f\u00f6r att ni finns!! Jag \u00e4r en kille p\u00e5 19 \u00e5r, och jag har haft ett j\u00e4ttestort problem i snart 2 \u00e5r. Det \u00e4r n\u00e4mligen s\u00e5 &hellip; <a href=\"https:\/\/www.cirkuseros.nu\/index.php\/text\/frageladan\/frageladan-fraga-svar-26\/\">Forts\u00e4tt l\u00e4sa <span class=\"meta-nav\">&rarr;<\/span><\/a><\/p>\n","protected":false},"author":2,"featured_media":0,"parent":51,"menu_order":26,"comment_status":"closed","ping_status":"closed","template":"sidebar-page.php","meta":[],"_links":{"self":[{"href":"https:\/\/www.cirkuseros.nu\/index.php\/wp-json\/wp\/v2\/pages\/1730"}],"collection":[{"href":"https:\/\/www.cirkuseros.nu\/index.php\/wp-json\/wp\/v2\/pages"}],"about":[{"href":"https:\/\/www.cirkuseros.nu\/index.php\/wp-json\/wp\/v2\/types\/page"}],"author":[{"embeddable":true,"href":"https:\/\/www.cirkuseros.nu\/index.php\/wp-json\/wp\/v2\/users\/2"}],"replies":[{"embeddable":true,"href":"https:\/\/www.cirkuseros.nu\/index.php\/wp-json\/wp\/v2\/comments?post=1730"}],"version-history":[{"count":3,"href":"https:\/\/www.cirkuseros.nu\/index.php\/wp-json\/wp\/v2\/pages\/1730\/revisions"}],"predecessor-version":[{"id":6652,"href":"https:\/\/www.cirkuseros.nu\/index.php\/wp-json\/wp\/v2\/pages\/1730\/revisions\/6652"}],"up":[{"embeddable":true,"href":"https:\/\/www.cirkuseros.nu\/index.php\/wp-json\/wp\/v2\/pages\/51"}],"wp:attachment":[{"href":"https:\/\/www.cirkuseros.nu\/index.php\/wp-json\/wp\/v2\/media?parent=1730"}],"curies":[{"name":"wp","href":"https:\/\/api.w.org\/{rel}","templated":true}]}}