{"id":7662,"date":"2017-03-04T20:16:54","date_gmt":"2017-03-04T19:16:54","guid":{"rendered":"http:\/\/www.cirkuseros.nu\/?page_id=7662"},"modified":"2023-09-27T01:10:18","modified_gmt":"2023-09-26T23:10:18","slug":"pietro-aretino-den-gudomligt-vulgare-poeten","status":"publish","type":"page","link":"https:\/\/www.cirkuseros.nu\/index.php\/text\/artiklar\/artiklar-erotik-inspiration\/pietro-aretino-den-gudomligt-vulgare-poeten\/","title":{"rendered":"Pietro Aretino \u2013 den gudomligt vulg\u00e4re poeten"},"content":{"rendered":"<p><img decoding=\"async\" loading=\"lazy\" src=\"https:\/\/i1.wp.com\/www.cirkuseros.nu\/app\/uploads\/2017\/03\/PietroAretinoTitian.jpg?resize=584%2C762&#038;ssl=1\" alt=\"Pietro Aretino by Titian\" data-recalc-dims=\"1\" \/><\/p>\n<p><strong>I mina \u00e5dror m\u00e5 rinna \u00e4delt krigarblod<\/strong>, och i mitt huvud m\u00e5 det sjungas h\u00f6g filosofi \u2013 men mitt hj\u00e4rta bankar f\u00f6r ut\u00f6vandet av de sk\u00f6na konsterna, och i min sj\u00e4l \u00e4r jag en gycklare, en narr, en bouffon, en h\u00e4cklare, en sanningss\u00e4gare, en som str\u00e4cker ut tungan och g\u00f6r fula grimaser \u00e5t \u00f6verheten. Och om n\u00e5gon av dessa h\u00f6gheter tar illa upp av mina grimaser, \u00e4r det ett osvikligt bevis f\u00f6r att de tar sig sj\u00e4lva p\u00e5 alldeles f\u00f6r stort allvar.<\/p>\n<p><strong>Jag har alltid haft ett gott \u00f6ga<\/strong> till de vulg\u00e4raste av skalder och konstn\u00e4rer, tabubrytarna, de uppstudsiga, de som skiter i reglerna och g\u00f6r just det man inte f\u00e5r. Det finns n\u00e5got ob\u00e4ndigt levande och friskt i denna obstinata uppstudsighet, detta anarkistiska frisinne, de som alltid ska peta och pilla d\u00e4r alla andra vet att det minsann inte passar sig, de som ska sjunga ut \u2013 h\u00f6gt \u2013 just det som alla andra t\u00e4nker men inte ens v\u00e5gar antyda. De som spottar \u00f6verf\u00f6rmyndarna i \u00f6gat, de som pruttar i kyrkan utan att sk\u00e4mmas det minsta, de som tar stora risker f\u00f6r friheten att uttrycka sig \u2013 \u00e4ven n\u00e4r det inte \u00e4r strategiskt l\u00e4mpligt, utan bara f\u00f6r att.<\/p>\n<blockquote><p>\u201dF\u00f6r att inte framst\u00e5 som en hycklare kan jag s\u00e4ga att ett par l\u00e4ckra skinkor \u00e4r i besittning av st\u00f6rre makt \u00e4n allt som n\u00e5gonsin har producerats av filosofer.\u201d<\/p>\n<p>\u2013 Pietro Aretino<\/p><\/blockquote>\n<p><img decoding=\"async\" loading=\"lazy\" src=\"https:\/\/i2.wp.com\/www.cirkuseros.nu\/app\/uploads\/2017\/03\/stjart_garm.jpg?resize=584%2C450&#038;ssl=1\" alt=\"Vacker stj\u00e4rt\" data-recalc-dims=\"1\" \/><\/p>\n<p><strong>Br\u00e5kstakarna, trubbelmakarna,<\/strong> revolution\u00e4rerna, de hoppl\u00f6st om\u00f6jliga, de notoriskt olydiga \u2013 dessa \u00e4r mina verkliga f\u00f6rebilder, mina hj\u00e4ltar, f\u00f6r det \u00e4r dessa som i sanning inte bara f\u00e5r jorden att g\u00e5 runt, utan de som faktiskt f\u00e5r hela v\u00e5r v\u00e4rld att \u00e4ndra riktning. De som likt Nils von Dardel kunde s\u00e4ga \u201dvarf\u00f6r inte tv\u00e4rtom?\u201d \u2013 och liksom Dardel verkligen g\u00f6ra tv\u00e4rtom, inte bara prata om det.<\/p>\n<p><strong>Dessa om\u00f6jliga m\u00e4nniskor,<\/strong> som Tycho Brahe, Lenny Bruce, Ralph Nader, Fredrika Bremer, Emmeline Pankhurst, Elise Ottesen-Jensen, Voltaire, Casanova, Marquis de Sade, Mohammad Ali, Winston Churchill, Mohandas Gandhi, Lars Johan Hierta, Vilhelm Moberg, Torgny Segerstedt, August Strindberg \u2013 och m\u00e5nga fler \u2013 \u00e4r de som s\u00e4tter f\u00e4rg p\u00e5 tillvaron f\u00f6r oss andra, som v\u00e4nder p\u00e5 varje sten, v\u00e4grar ge sig, v\u00e4grar lyda order, och som alltid f\u00f6ljer sin egen vilja, oavsett om den leder r\u00e4tt eller fel. Vi kanske inte h\u00e5ller med dem i sak, vi kanske tycker att de \u00e4r oresonliga, kanske direkt galna, men vi kan inte l\u00e5ta bli att beundra deras mod, deras envishet och ryggrad. Det \u00e4r dessa besv\u00e4rliga m\u00e4nniskor som \u00e4r mina hj\u00e4ltar, mina fr\u00e4msta f\u00f6rebilder.<\/p>\n<p><strong>Det \u00e4r av mycket goda sk\u00e4l<\/strong> som filmaren Milos Forman gjorde sin kommentar f\u00f6r yttrandefrihet genom sin film om Larry Flynt, mannen bakom den ytterligt vulg\u00e4ra och grovkorniga porrblaskan Hustler. Det \u00e4r l\u00e4tt att f\u00f6rsvara r\u00e4tten att yttra sig f\u00f6r stora humanister och djupa filosofer \u2013 men m\u00e5ste vi \u00e4ven f\u00f6rsvara motbjudande och vidriga typers r\u00e4tt att yttra sig? Ja, det m\u00e5ste vi. Po\u00e4ngen med filmen om Flynt \u00e4r att yttrandefrihet kr\u00e4ver att vi f\u00f6rsvarar r\u00e4tten \u00e4ven f\u00f6r en motbjudande typ som Flynt att f\u00e5 publicera sina snaskiga alster.<\/p>\n<blockquote><p>\u201cDen som inte visar sig som en v\u00e4n av laster blir m\u00e4nniskors ov\u00e4n.\u201d<\/p>\n<p>\u2013 Pietro Aretino<\/p><\/blockquote>\n<p><strong>\u00c4ven i mytologins v\u00e4rld<\/strong> finns alltid narren, trickstern, trubbelmakaren \u2013 Loke, vars uppgift \u00e4r att hitta kryph\u00e5len, de svaga l\u00e4nkarna, v\u00e4nda upp och ner p\u00e5 tillvaron och skapa kaos \u2013 och d\u00e4rmed liv och skapelse. Det \u00e4r inte Lokes \u201dondska\u201d som g\u00f6r att han lurar H\u00f6der att skjuta Balder. Det \u00e4r Balders h\u00f6gmod som framtvingar hans eget nedstigande i d\u00f6dsriket. Tror man att man \u00e4r od\u00f6dlig s\u00e5 \u00e4r man f\u00f6rutbest\u00e4md att d\u00f6. Men det \u00e4r just Loke som hittar v\u00e4gen dit. Och det \u00e4r n\u00e4r Loke slutligen f\u00e5ngas in och f\u00e4ngslas, fj\u00e4ttras p\u00e5 en klippa i Gnipah\u00e5lan i underjorden, som Ragnar\u00f6k f\u00e5r fritt spelrum. Oordningen beh\u00f6vs, f\u00f6r att inte resten ska f\u00f6rstelna och d\u00f6.<\/p>\n<p><strong>Utan revolt\u00f6rerna, de egensinniga br\u00e5kmakarna<\/strong>, de som tror att gr\u00e4set \u00e4r gr\u00f6nare p\u00e5 andra sidan staketet och trotsar alla f\u00f6rbud f\u00f6r att smaka, skulle vi m\u00e4nniskor fortfarande leta efter mat p\u00e5 den afrikanska savannen, och kanske sl\u00e5 varandra i huvudet med stenar. Om vi \u00f6ver huvud taget skulle finnas alls som art. Det \u00e4r de sj\u00e4lvst\u00e4ndigt t\u00e4nkande, kreativa excentrikerna som skapar nya id\u00e9er, nya uppfinningar, nya s\u00e4tt att f\u00f6rh\u00e5lla sig till v\u00e4rlden, de som hittar p\u00e5 nya l\u00f6sningar p\u00e5 gamla problem. Det \u00e4r dessa regelbrytare som skapar verkligt v\u00e4lst\u00e5nd, frihet och utveckling, p\u00e5 s\u00e5v\u00e4l kort som l\u00e5ng sikt.<\/p>\n<p><img decoding=\"async\" loading=\"lazy\" src=\"https:\/\/i1.wp.com\/www.cirkuseros.nu\/app\/uploads\/2016\/11\/tunnlinjeoriginal_584.gif?resize=584%2C8&#038;ssl=1\" alt=\"\" data-recalc-dims=\"1\" \/><\/p>\n<p><strong>Pietro Aretino var en av sin tids st\u00f6rsta diktare.<\/strong> Hans penna gav honom \u00e4ra och ber\u00f6mmelse, men ocks\u00e5 bannlysning och landsflykt. Han var den f\u00f6rste f\u00f6rfattaren som lyckades bli verkligt rik p\u00e5 sin konst, men han lyckades ocks\u00e5 st\u00e4ndigt vara utsatt f\u00f6r risken att komma i \u00f6verhetens on\u00e5d. Han fick ibland betalt f\u00f6r att INTE skriva, vilket m\u00e5ste ses som ytterligt unikt f\u00f6r en poet. S\u00e5 skarp var hans diktarkonst.<\/p>\n<p><strong>F\u00f6dd i Arezzo som utom\u00e4ktenskapligt barn<\/strong>, tidigt f\u00f6rdriven (kanske p\u00e5 grund av skrivna elakheter\u2026?), tillbringade han en del av sin uppv\u00e4xt i Perugia, d\u00e4r han ocks\u00e5 f\u00f6rfinade sin litter\u00e4ra stil, s\u00e5 pass att han vid ganska unga \u00e5r blev rekommenderad till Rom, d\u00e4r han ocks\u00e5 hamnade under beskydd av en rik mecenat, bankiren Agostino Chigi (\u00e4ven mecenat f\u00f6r m\u00e5laren Raphael). Vid 24 \u00e5rs \u00e5lder f\u00f6rfattade han en satirisk skrift, i vilken ingen gick s\u00e4ker, inte ens p\u00e5ven, n\u00e5got som gjorde honom vida ber\u00f6md och ryktbar.<\/p>\n<p><img decoding=\"async\" loading=\"lazy\" src=\"https:\/\/i1.wp.com\/www.cirkuseros.nu\/app\/uploads\/2017\/03\/Sonetti_Lussuriosi.jpg?resize=584%2C433&#038;ssl=1\" alt=\"Sonetti Lussuriosi\" data-recalc-dims=\"1\" \/><\/p>\n<p><strong>Pietro Aretino var lika kreativ som lustfylld<\/strong>, och uppfann de facto den moderna litter\u00e4ra pornografin, med sina Sonetti Lussuriosi (Lustans sonetter), riktigt starkt erotiska texter till 16 explicit erotiska tr\u00e4snitt av Marcantonio Raimondi, baserade p\u00e5 teckningar av konstn\u00e4ren Giulio Romano, illustrerande ett antal olika samlagsst\u00e4llningar. Lite som en primitiv, europeisk variant av Kama Sutra. Dessa sonetter v\u00e4ckte f\u00f6rst\u00e5s en enorm uppm\u00e4rksamhet, och en stor skandal, s\u00e5 pass att Pietro en tid var tvungen att fly fr\u00e5n Rom.<\/p>\n<p><strong>Dessa pornografiska sonetter<\/strong> har faktiskt v\u00e4ckt harm \u00e4nda in i v\u00e5r tid \u2013 senast 2008, d\u00e5 komposit\u00f6ren och musikern Michael Nyman tonsatte \u00e5tta av dessa sonetter. Nymans planerade konsert p\u00e5 Cadogan Hall i London blev inst\u00e4lld, p\u00e5 grund av \u201dobscent inneh\u00e5ll\u201d. Och som det inte r\u00e4ckte, s\u00e5 kr\u00e4vdes det att framsidan p\u00e5 CD-fodralet blev t\u00e4ckt av en varningsetikett, med texten Parental Advisory Explicit Content p\u00e5 samtliga de CD-skivor som s\u00e5ldes i USA. S\u00e5dant brukar \u00e5 andra sidan g\u00e4rna bli ett f\u00f6rs\u00e4ljningsargument snarare \u00e4n en avskr\u00e4ckande \u00e5tg\u00e4rd, s\u00e5 det kanske inte var s\u00e5 farligt.<\/p>\n<p><img decoding=\"async\" loading=\"lazy\" src=\"https:\/\/i1.wp.com\/www.cirkuseros.nu\/app\/uploads\/2017\/03\/aretino_erotico.jpg?resize=584%2C439&#038;ssl=1\" alt=\"Erotisk bild\" data-recalc-dims=\"1\" \/><\/p>\n<p><strong>Precis som Hafiz,<\/strong> den store persiske poeten (enligt min mening v\u00e4rldens st\u00f6rste diktare n\u00e5gonsin) utmanar Aretino alltid dem som uppr\u00e4tth\u00e5ller stela former, de pretenti\u00f6sa besserwissrarna som vill g\u00f6ra om andra m\u00e4nniskor s\u00e5 att de passar dem sj\u00e4lva, de fyrkantiga sj\u00e4larna med \u00f6verdrivet ordningssinne. B\u00e5de Aretino och Hafiz hyllar en mer dionysisk livsstil, och finner den h\u00f6gsta formen av andlighet och upplysning i kroppslig njutning och extas, i vinhus och kvinnokroppar.<\/p>\n<blockquote><p>\u201dL\u00e4gg \u00f6ver mina axlar dina ben!<br \/>\nSl\u00e4pp kuken med din hand, den k\u00e4rleksfulla,<br \/>\noch blott din stj\u00e4rt f\u00f6rr\u00e5der, rund och len,<br \/>\nhur l\u00e5ngsamt eller fort jag skall dig knulla.<\/p>\n<p>Jag k\u00e4nner spelet i variet\u00e9n<br \/>\noch spelar rollen ganska v\u00e4l, min pulla,<br \/>\nsom f\u00f6rste \u00e4lskare p\u00e5 denna scen<br \/>\nd\u00e4r jag kan varje kvinnas sk\u00f6nhet tulla.\u201d<\/p>\n<p>\u201dO nej, jag sl\u00e4pper inte alls din kuk.<br \/>\nHur l\u00e4tt den annars kunde sig f\u00f6rvilla<br \/>\nemellan tvenne h\u00e5l, det vore illa.<\/p>\n<p>Ty om den tar min bakport s\u00e5 i bruk,<br \/>\nd\u00e5 stillar den ju blott sin egen kl\u00e5da.<br \/>\nMen framifr\u00e5n, d\u00e5 har vi n\u00f6je b\u00e5da.\u201d<\/p>\n<p>\u2013 Pietro Aretino<\/p><\/blockquote>\n<p><strong>Med humor och fr\u00e4ckhet<\/strong> vandrar Aretino l\u00e5ngt \u00f6ver gr\u00e4nsen f\u00f6r det anst\u00e4ndiga, ofta \u00e4ven \u00f6ver gr\u00e4nsen f\u00f6r det till\u00e5tna, men med samma humor och fr\u00e4ckhet kombinerat med litter\u00e4r briljans vinner han l\u00e4sarens f\u00f6rl\u00e5telse och sympati. Det fr\u00e4ckt lekfulla, det svulstigt k\u00f6ttsliga, v\u00e4cker skrattet, och d\u00e4rmed hj\u00e4rtat. Det skenbart grovhuggna och vulg\u00e4ra \u00e4r i sj\u00e4lva verket en innerlig k\u00e4rleksf\u00f6rklaring till det sinnliga och lekamliga, en h\u00e4rlig kontrast till de asketiska ideal som officiellt var allm\u00e4nt f\u00f6rh\u00e4rskande bland m\u00e4nnen i r\u00f6da kappor \u2013 men som f\u00e5 levde efter, vilket f\u00f6rst\u00e5s gjorde Aretinos dikter till politiskt s\u00e5v\u00e4l som filosofiskt spr\u00e4ngstoff. Han avsl\u00f6jade hycklarna, genom att l\u00e5ta bli att hyckla.<\/p>\n<p><img decoding=\"async\" loading=\"lazy\" src=\"https:\/\/i1.wp.com\/www.cirkuseros.nu\/app\/uploads\/2017\/03\/erotiska_kopparstick.jpg?resize=584%2C464&#038;ssl=1\" alt=\"BIlder ur I Modi\" data-recalc-dims=\"1\" \/><\/p>\n<p><strong>Aretinos penna var s\u00e5 vass<\/strong>, att han under en tid uppbar livr\u00e4nta fr\u00e5n tv\u00e5 kungar \u2013 den franske och den romerske \u2013 i f\u00f6rhoppning fr\u00e5n dem b\u00e5da att han med sina elaka verser skulle h\u00e4ckla den andre kungen. Pietro Aretino \u00e5tnj\u00f6t allts\u00e5 stor respekt, men fick ibland fly undan d\u00f6dshot och uppretade fiender. Han fann emellertid alltid nya mecenater som roades av hans underh\u00e5llande natur och ekvilibristiska ordtrollerier.<\/p>\n<blockquote><p>O kom, vi m\u00e5ste knulla som i trans!<br \/>\nTill knulla \u00e4r vi m\u00e4nniskor ju f\u00f6dda.<br \/>\nJag vill ditt svansh\u00e5l, du vill ha min svans.<br \/>\nVi \u00e4r till alla delar sammanl\u00f6dda.<\/p>\n<p>Och kunde vi i d\u00f6dens rangeldans<br \/>\ndock knulla \u00e4n, av brunsten d\u00e4rtill n\u00f6dda,<br \/>\nvi knullar oss till d\u00f6ds och utan sans<br \/>\nty annars vore v\u00e5ra liv f\u00f6r\u00f6dda.<\/p>\n<p>\u201dStick in till f\u00e4stet sv\u00e4rdet i mitt h\u00e5l!<br \/>\nMin lilla fitta som en eld mig br\u00e4nner.<br \/>\nKom, \u00e4lskade, och ge den vad den t\u00e5l.<\/p>\n<p>Och h\u00e4nder det att jag d\u00e5 tasken k\u00e4nner<br \/>\nsom lyckovittne f\u00f6ljer med dit in\u2026<br \/>\nTyv\u00e4rr, det h\u00e4nder aldrig n\u00e5gonsin.\u201d<\/p>\n<p>\u2013 Pietro Aretino<\/p><\/blockquote>\n<p><strong>1527, 35 \u00e5r gammal, bosatte han sig i Venedig<\/strong>, och d\u00e4r stannade han resten av sitt liv. Venedig var den mest antipapistiska staden i Italien, ett syndens n\u00e4ste, och d\u00e4r passade han som handen i handsken. Som bisexuell livsnjutare och evig provokat\u00f6r var Pietro Aretino urtypen f\u00f6r en italiensk ren\u00e4ssansm\u00e4nniska.<\/p>\n<p><img decoding=\"async\" loading=\"lazy\" src=\"https:\/\/i0.wp.com\/www.cirkuseros.nu\/app\/uploads\/2017\/03\/venezia.jpg?resize=584%2C359&#038;ssl=1\" alt=\"Venedig - karta fr\u00e5n 1500-talet\" data-recalc-dims=\"1\" \/><\/p>\n<p><strong>Vid f\u00e5 tids\u00e5ldrar och i f\u00e5 kulturer i historien<\/strong> har s\u00e5 m\u00e5nga f\u00e4rgstarka individer slagits om uppm\u00e4rksamheten. P\u00e5var som Rodrigo Borgia, predikanter som Girolamo Savonarola, intrigerande furstefamiljer \u00f6verallt \u2013 Sforza, Borgia, Medici, Visconti med flera \u2013 konstn\u00e4rer som Leonardo da Vinci, Raphael, Michelangelo, Botticelli, politiker och filosofer som Machiavelli och f\u00f6rfattare som Pietro Aretino. Det var onekligen en intressant tid att leva i. I alla fall f\u00f6r \u00f6verklassen.<\/p>\n<blockquote><p>\u201dH\u00e5ll h\u00e5rt i dina armar barnet ditt.<br \/>\nDen lille slickar p\u00e5 dig och vill dia.<br \/>\nJag slickar fittan n\u00e4r den b\u00f6rjar klia.<br \/>\nVi \u00e4r lyckliga vi tre, envar f\u00e5r sitt.<\/p>\n<p>Ta emot den varma v\u00e4tskan fr\u00e5n min pitt.<br \/>\nGe den lille, n\u00e4r han b\u00f6rjar skria,<br \/>\nmj\u00f6lk ur dina br\u00f6st n\u00e4r de \u00e4r fria.<br \/>\nAtt knulla s\u00e5, det \u00e4r en h\u00e4rlig ritt.\u201d<\/p>\n<p>\u201dDu har s\u00e5 r\u00e4tt. S\u00e5 l\u00e5t oss ta i bruk<br \/>\nden v\u00e4llust som jag j\u00e4mt mig velat unna.<br \/>\nJag k\u00e4nner mig som om jag vore nunna.<\/p>\n<p>Ty \u00e4n \u00e4r v\u00e5ra krafter ej f\u00f6rbrunna<br \/>\noch s\u00e5 \u00e4r alla sorger strax f\u00f6rsvunna.<br \/>\nO gud\u2026 Jag d\u00f6r\u2026 \u2013 bli kvar f\u00f6r alltid, kuk.\u201d<\/p>\n<p>\u2013 Pietro Aretino<\/p><\/blockquote>\n<p><img decoding=\"async\" loading=\"lazy\" src=\"https:\/\/i2.wp.com\/www.cirkuseros.nu\/app\/uploads\/2017\/03\/2x_i_modi.jpg?resize=584%2C273&#038;ssl=1\" alt=\"Erotiska bilder ur I Modi\" data-recalc-dims=\"1\" \/><\/p>\n<blockquote><p>&#8221;Du ligger under mig. Jag fr\u00e5gar d\u00e5<br \/>\nom ej en man f\u00f6r \u00f6vertaget str\u00e4var?<br \/>\nSoldaten aldrig denna tanke j\u00e4var,<br \/>\nhan vill som oftast vara ovanp\u00e5.<\/p>\n<p>\u00c4r jag soldat? Hur skall jag det f\u00f6rst\u00e5?<br \/>\nJag \u00e4r poet. N\u00e4r vi av s\u00e4llhet b\u00e4var,<br \/>\np\u00e5 samma g\u00e5ng kring s\u00e4ng och luta sv\u00e4var<br \/>\nen s\u00e5ng, en serenad f\u00f6r just oss tv\u00e5.<\/p>\n<p>S\u00e5 bra! I sanning en f\u00f6rnuftig mening!<br \/>\nMusik och knulla blir en bra f\u00f6rening<br \/>\noch din id\u00e9 \u00e4r utm\u00e4rkt, k\u00e4ra du.<\/p>\n<p>Just s\u00e5, mitt barn, nu \u00e4r du sn\u00e4ll och l\u00e5ter<br \/>\nbaken h\u00f6jas, s\u00e4nkas fram och \u00e5ter<br \/>\noch sl\u00e5 med rumpan takt, ett tu, ett tu!&#8221;<\/p>\n<p>\u2013 Pietro Aretino<\/p><\/blockquote>\n<p><img decoding=\"async\" loading=\"lazy\" src=\"https:\/\/i1.wp.com\/www.cirkuseros.nu\/app\/uploads\/2017\/03\/Feuerbach_Tod_des_Pietro_Aretino.jpg?resize=584%2C889&#038;ssl=1\" alt=\"Pietro Aretinos d\u00f6d, av Feuerbach\" data-recalc-dims=\"1\" \/><\/p>\n<p><strong>Det s\u00e4gs att Aretino dog<\/strong> av att han kv\u00e4vdes av att skratta f\u00f6r mycket. Det l\u00e5ter som en passande, och bra d\u00f6d. Det l\u00e5ter som ett bra liv. Moli\u00e9re, den store dramatikern, ocks\u00e5 en gycklare och h\u00e4cklare, dog av blodst\u00f6rtning efter en teaterf\u00f6rest\u00e4llning, i vilken han spelar en hypokondriker. Vilken lysande ironi. Det l\u00e5ter som n\u00e5got efterstr\u00e4vansv\u00e4rt f\u00f6r varje levande, frisk m\u00e4nniska \u2013 att hellre d\u00f6 st\u00e5ende, \u00e4n att leva p\u00e5 kn\u00e4. B\u00e4ttre d\u00f6 mitt i spr\u00e5nget, \u00e4n att sakta tyna bort. En god f\u00f6rebild p\u00e5 fler s\u00e4tt \u00e4n ett.<\/p>\n<p><img decoding=\"async\" loading=\"lazy\" src=\"https:\/\/i1.wp.com\/www.cirkuseros.nu\/app\/uploads\/2017\/03\/2x_i_modi_b.jpg?resize=584%2C273&#038;ssl=1\" alt=\"Bilder ur I Modi\" data-recalc-dims=\"1\" \/><\/p>\n<p><strong>Mitt heliga l\u00f6fte till dig<\/strong> som l\u00e4ser denna text, \u00e4r att om jag n\u00e5gonsin skulle komma dith\u00e4n att jag sj\u00e4lv st\u00e5r d\u00e4r i talarstolen, inf\u00f6r de h\u00f6gsta och m\u00e4ktigaste, de l\u00e4rda och folkvalda \u2013 att jag p\u00e5 n\u00e5got s\u00e4tt kommer att g\u00f6ra en riktigt ful grimas, g\u00e4rna flera, r\u00e4tt upp i synen p\u00e5 etablissemanget. S\u00e5 l\u00e4nge jag har chansen. Min b\u00f6n till dig som l\u00e4ser detta \u00e4r att du h\u00e5ller mig ansvarig f\u00f6r detta l\u00f6fte. Gycklaren i mig f\u00e5r aldrig d\u00f6.<\/p>\n<p>Carl Johan Rehbinder 2012<\/p>\n<p><img decoding=\"async\" loading=\"lazy\" src=\"https:\/\/i1.wp.com\/www.cirkuseros.nu\/app\/uploads\/2016\/11\/tunnlinjeoriginal_584.gif?resize=584%2C8&#038;ssl=1\" alt=\"\" data-recalc-dims=\"1\" \/><a href=\"https:\/\/www.cirkuseros.nu\/index.php\/text\/artiklar\/artiklar-erotik-inspiration\/\"><strong>Tillbaka till Artiklar \u2022 Erotik &amp; inspiration \u00bb<\/strong><\/a><\/p>\n<p><img decoding=\"async\" loading=\"lazy\" src=\"https:\/\/i0.wp.com\/www.cirkuseros.nu\/app\/uploads\/2017\/01\/heartline_584.gif?resize=584%2C20&#038;ssl=1\" alt=\"Heartline\" data-recalc-dims=\"1\" \/><\/p>\n<p><img decoding=\"async\" loading=\"lazy\" src=\"https:\/\/i2.wp.com\/www.cirkuseros.nu\/app\/uploads\/2016\/10\/fri_kursbanner_ani.gif?resize=584%2C140&#038;ssl=1\" alt=\"\" data-recalc-dims=\"1\" \/><\/p>\n","protected":false},"excerpt":{"rendered":"<p>I mina \u00e5dror m\u00e5 rinna \u00e4delt krigarblod, och i mitt huvud m\u00e5 det sjungas h\u00f6g filosofi \u2013 men mitt hj\u00e4rta bankar f\u00f6r ut\u00f6vandet av de sk\u00f6na konsterna, och i min sj\u00e4l \u00e4r jag en gycklare, en narr, en bouffon, en &hellip; <a href=\"https:\/\/www.cirkuseros.nu\/index.php\/text\/artiklar\/artiklar-erotik-inspiration\/pietro-aretino-den-gudomligt-vulgare-poeten\/\">Forts\u00e4tt l\u00e4sa <span class=\"meta-nav\">&rarr;<\/span><\/a><\/p>\n","protected":false},"author":1,"featured_media":0,"parent":6548,"menu_order":12,"comment_status":"closed","ping_status":"closed","template":"sidebar-page.php","meta":[],"_links":{"self":[{"href":"https:\/\/www.cirkuseros.nu\/index.php\/wp-json\/wp\/v2\/pages\/7662"}],"collection":[{"href":"https:\/\/www.cirkuseros.nu\/index.php\/wp-json\/wp\/v2\/pages"}],"about":[{"href":"https:\/\/www.cirkuseros.nu\/index.php\/wp-json\/wp\/v2\/types\/page"}],"author":[{"embeddable":true,"href":"https:\/\/www.cirkuseros.nu\/index.php\/wp-json\/wp\/v2\/users\/1"}],"replies":[{"embeddable":true,"href":"https:\/\/www.cirkuseros.nu\/index.php\/wp-json\/wp\/v2\/comments?post=7662"}],"version-history":[{"count":7,"href":"https:\/\/www.cirkuseros.nu\/index.php\/wp-json\/wp\/v2\/pages\/7662\/revisions"}],"predecessor-version":[{"id":13330,"href":"https:\/\/www.cirkuseros.nu\/index.php\/wp-json\/wp\/v2\/pages\/7662\/revisions\/13330"}],"up":[{"embeddable":true,"href":"https:\/\/www.cirkuseros.nu\/index.php\/wp-json\/wp\/v2\/pages\/6548"}],"wp:attachment":[{"href":"https:\/\/www.cirkuseros.nu\/index.php\/wp-json\/wp\/v2\/media?parent=7662"}],"curies":[{"name":"wp","href":"https:\/\/api.w.org\/{rel}","templated":true}]}}